{"id":132,"date":"2022-10-09T18:12:47","date_gmt":"2022-10-09T18:12:47","guid":{"rendered":"http:\/\/www.pflegedienst-strigan.de\/?page_id=132"},"modified":"2023-09-27T11:32:12","modified_gmt":"2023-09-27T11:32:12","slug":"kontakt","status":"publish","type":"page","link":"http:\/\/www.pflegedienst-strigan.de\/?page_id=132","title":{"rendered":"Kontakt"},"content":{"rendered":"<section class=\"l-section wpb_row us_custom_9ccc05f2 height_small\"><div class=\"l-section-h i-cf\"><div class=\"g-cols vc_row via_grid cols_1 laptops-cols_inherit tablets-cols_inherit mobiles-cols_1 valign_top type_default stacking_default\"><div class=\"wpb_column vc_column_container\"><div class=\"vc_column-inner\"><div class=\"wpb_text_column us_custom_8b3d6790 has_text_color\"><div class=\"wpb_wrapper\"><h2>Ansprechpartner &amp; Adresse<\/h2>\n<\/div><\/div><\/div><\/div><\/div><\/div><\/section><section class=\"l-section wpb_row us_custom_9ccc05f2 height_small\"><div class=\"l-section-h i-cf\"><div class=\"g-cols vc_row via_grid cols_3 laptops-cols_inherit tablets-cols_inherit mobiles-cols_1 valign_top type_default stacking_default\"><div class=\"wpb_column vc_column_container us_custom_29134817 has_bg_color\"><div class=\"vc_column-inner\"><div class=\"w-vwrapper align_none valign_top\"><div class=\"w-image us_custom_b99d620c align_center\"><div class=\"w-image-h\"><img decoding=\"async\" width=\"150\" height=\"150\" src=\"http:\/\/www.pflegedienst-strigan.de\/wp-content\/uploads\/B007I-150x150.png\" class=\"attachment-thumbnail size-thumbnail\" alt=\"\" loading=\"lazy\" srcset=\"http:\/\/www.pflegedienst-strigan.de\/wp-content\/uploads\/B007I-150x150.png 150w, http:\/\/www.pflegedienst-strigan.de\/wp-content\/uploads\/B007I.png 300w\" sizes=\"auto, (max-width: 150px) 100vw, 150px\" \/><\/div><\/div><div class=\"wpb_text_column\"><div class=\"wpb_wrapper\"><p style=\"text-align: center;\"><strong>Isabel Be\u00dfert<\/strong><\/p>\n<\/div><\/div><div class=\"wpb_text_column\"><div class=\"wpb_wrapper\"><p style=\"text-align: center;\">Pflegedienstleitung<\/p>\n<\/div><\/div><div class=\"w-text us_custom_eb849559 icon_atleft\"><a href=\"mailto:i.bessert@pflegedienst-strigan.de\" class=\"w-text-h\"><i class=\"fas fa-envelope\"><\/i><span class=\"w-text-value\">i.bessert@pflegedienst-strigan.de<\/span><\/a><\/div><div class=\"w-text us_custom_eb849559 icon_atleft\"><span class=\"w-text-h\"><i class=\"fas fa-phone\"><\/i><span class=\"w-text-value\">034341\/33811<\/span><\/span><\/div><\/div><\/div><\/div><div class=\"wpb_column vc_column_container us_custom_29134817 has_bg_color\"><div class=\"vc_column-inner\"><div class=\"w-vwrapper align_none valign_top\"><div class=\"w-image us_custom_b99d620c align_center\"><div class=\"w-image-h\"><img decoding=\"async\" width=\"150\" height=\"150\" src=\"http:\/\/www.pflegedienst-strigan.de\/wp-content\/uploads\/B008S-150x150.png\" class=\"attachment-thumbnail size-thumbnail\" alt=\"\" loading=\"lazy\" srcset=\"http:\/\/www.pflegedienst-strigan.de\/wp-content\/uploads\/B008S-150x150.png 150w, http:\/\/www.pflegedienst-strigan.de\/wp-content\/uploads\/B008S.png 300w\" sizes=\"auto, (max-width: 150px) 100vw, 150px\" \/><\/div><\/div><div class=\"wpb_text_column\"><div class=\"wpb_wrapper\"><p style=\"text-align: center;\"><strong>Sandra Bierbaum <\/strong><\/p>\n<\/div><\/div><div class=\"wpb_text_column\"><div class=\"wpb_wrapper\"><p style=\"text-align: center;\">stellv. Pflegedienstleitung<\/p>\n<\/div><\/div><div class=\"w-text us_custom_eb849559 icon_atleft\"><a href=\"mailto:s.bierbaum@pflegedienst-strigan.de\" class=\"w-text-h\"><i class=\"fas fa-envelope\"><\/i><span class=\"w-text-value\">s.bierbaum@pflegedienst-strigan.de<\/span><\/a><\/div><div class=\"w-text us_custom_eb849559 icon_atleft\"><span class=\"w-text-h\"><i class=\"fas fa-phone\"><\/i><span class=\"w-text-value\">034341\/33811<\/span><\/span><\/div><\/div><\/div><\/div><div class=\"wpb_column vc_column_container us_custom_29134817 has_bg_color\"><div class=\"vc_column-inner\"><div class=\"w-vwrapper align_none valign_top\"><div class=\"w-image us_custom_b99d620c align_center\"><div class=\"w-image-h\"><img decoding=\"async\" width=\"150\" height=\"150\" src=\"http:\/\/www.pflegedienst-strigan.de\/wp-content\/uploads\/gha-150x150.png\" class=\"attachment-thumbnail size-thumbnail\" alt=\"\" loading=\"lazy\" \/><\/div><\/div><div class=\"wpb_text_column\"><div class=\"wpb_wrapper\"><p style=\"text-align: center;\"><strong>Kontakt Verwaltung<\/strong><\/p>\n<\/div><\/div><div class=\"w-text us_custom_eb849559\"><span class=\"w-text-h\"><span class=\"w-text-value\">Bahnhofstra\u00dfe 2<\/span><\/span><\/div><div class=\"w-text us_custom_eb849559\"><span class=\"w-text-h\"><span class=\"w-text-value\">04643 Geithain<\/span><\/span><\/div><div class=\"w-text us_custom_eb849559 icon_atleft\"><span class=\"w-text-h\"><i class=\"fas fa-phone\"><\/i><span class=\"w-text-value\">034341\/33811<\/span><\/span><\/div><div class=\"w-text us_custom_eb849559 icon_atleft\"><span class=\"w-text-h\"><i class=\"fas fa-fax\"><\/i><span class=\"w-text-value\">034341\/33813<\/span><\/span><\/div><div class=\"w-text us_custom_eb849559 icon_atleft\"><a href=\"mailto:info@pflegedienst-strigan.de\" class=\"w-text-h\"><i class=\"fas fa-envelope\"><\/i><span class=\"w-text-value\">info@pflegedienst-strigan.de<\/span><\/a><\/div><\/div><\/div><\/div><\/div><\/div><\/section><section class=\"l-section wpb_row us_custom_9ccc05f2 height_small\"><div class=\"l-section-h i-cf\"><div class=\"g-cols vc_row via_grid cols_1 laptops-cols_inherit tablets-cols_inherit mobiles-cols_1 valign_top type_default stacking_default\"><div class=\"wpb_column vc_column_container\"><div class=\"vc_column-inner\"><div class=\"wpb_text_column us_custom_8b3d6790 has_text_color\"><div class=\"wpb_wrapper\"><h4 style=\"text-align: center;\">F\u00fcr Anrufe au\u00dferhalb der Gesch\u00e4ftszeiten erfolgt eine Weiterleitung an unseren Bereitschaftsdienst.<\/h4>\n<\/div><\/div><\/div><\/div><\/div><\/div><\/section>\n","protected":false},"excerpt":{"rendered":"Ansprechpartner &amp; Adresse Isabel Be\u00dfert Pflegedienstleitung i.bessert@pflegedienst-strigan.de034341\/33811Sandra Bierbaum stellv. Pflegedienstleitung s.bierbaum@pflegedienst-strigan.de034341\/33811Kontakt Verwaltung Bahnhofstra\u00dfe 204643 Geithain034341\/33811034341\/33813info@pflegedienst-strigan.deF\u00fcr Anrufe au\u00dferhalb der Gesch\u00e4ftszeiten erfolgt eine Weiterleitung an unseren Bereitschaftsdienst.","protected":false},"author":1,"featured_media":0,"parent":0,"menu_order":0,"comment_status":"closed","ping_status":"closed","template":"","meta":{"footnotes":""},"class_list":["post-132","page","type-page","status-publish","hentry"],"_links":{"self":[{"href":"http:\/\/www.pflegedienst-strigan.de\/index.php?rest_route=\/wp\/v2\/pages\/132","targetHints":{"allow":["GET"]}}],"collection":[{"href":"http:\/\/www.pflegedienst-strigan.de\/index.php?rest_route=\/wp\/v2\/pages"}],"about":[{"href":"http:\/\/www.pflegedienst-strigan.de\/index.php?rest_route=\/wp\/v2\/types\/page"}],"author":[{"embeddable":true,"href":"http:\/\/www.pflegedienst-strigan.de\/index.php?rest_route=\/wp\/v2\/users\/1"}],"replies":[{"embeddable":true,"href":"http:\/\/www.pflegedienst-strigan.de\/index.php?rest_route=%2Fwp%2Fv2%2Fcomments&post=132"}],"version-history":[{"count":46,"href":"http:\/\/www.pflegedienst-strigan.de\/index.php?rest_route=\/wp\/v2\/pages\/132\/revisions"}],"predecessor-version":[{"id":381,"href":"http:\/\/www.pflegedienst-strigan.de\/index.php?rest_route=\/wp\/v2\/pages\/132\/revisions\/381"}],"wp:attachment":[{"href":"http:\/\/www.pflegedienst-strigan.de\/index.php?rest_route=%2Fwp%2Fv2%2Fmedia&parent=132"}],"curies":[{"name":"wp","href":"https:\/\/api.w.org\/{rel}","templated":true}]}}